{"id":3336,"date":"2015-07-17T19:46:08","date_gmt":"2015-07-17T18:46:08","guid":{"rendered":"http:\/\/www.zupa-leopold-mandic.hr\/?page_id=3336"},"modified":"2015-11-28T18:42:01","modified_gmt":"2015-11-28T17:42:01","slug":"sv-leopold-mandic","status":"publish","type":"page","link":"http:\/\/www.zupa-leopold-mandic.hr\/?page_id=3336","title":{"rendered":"Sv. Leopold Mandi\u0107"},"content":{"rendered":"<h3><strong><\/strong><span id=\"eow-title\" class=\"watch-title \" dir=\"ltr\" title=\"SVETI  LEOPOLD MANDI\u0106, milosrdni ispovjednik i prorok ekumenizma  -  dokumentarni film\">SVETI LEOPOLD MANDI\u0106, milosrdni ispovjednik i prorok ekumenizma &#8211; dokumentarni film <\/span><\/h3>\n<p><iframe loading=\"lazy\" src=\"https:\/\/www.youtube.com\/embed\/YQAwR0tSBlw\" width=\"427\" height=\"240\" frameborder=\"0\" allowfullscreen=\"allowfullscreen\"><\/iframe><\/p>\n<h3>Kronolo\u0161ki podaci iz \u017eivota svetog Leopolda i postupka za progla\u0161enje bla\u017eenim i svetim<\/h3>\n<table>\n<tbody>\n<tr>\n<td width=\"121\">12.05.1866.<\/td>\n<td width=\"499\">Ro\u0111en u Herceg-Novom od roditelja Petra Mandi\u0107a i Dragice, ro\u0111. Carevi\u0107, kao jedanaesto, pretposljednje, dijete u hrvatskoj katoli\u010dkoj obitelji.<\/td>\n<\/tr>\n<tr>\n<td width=\"121\">13.06.1866.<\/td>\n<td width=\"499\">Primio sakrament kr\u0161tenja i dobio ime Bogdan, Ivan.<\/td>\n<\/tr>\n<tr>\n<td width=\"121\">16.11.1882.<\/td>\n<td width=\"499\">Stupio u kapucinsko sjemeni\u0161te u Udinama (Videm), u venecijansku provinciju, koja je imala svoj samostan u Herceg-Novom.<\/td>\n<\/tr>\n<tr>\n<td width=\"121\">12.05.1884.<\/td>\n<td width=\"499\">Stupio u kapucinski novicijat u Bassanu del Grappi. Obukao redovni\u010dko odijelo dobiv\u0161i novo ime fra Leopold.<\/td>\n<\/tr>\n<tr>\n<td width=\"121\">04.05.1885.<\/td>\n<td width=\"499\">Polo\u017eio jednostavne redovni\u010dke zavjete u Bassanu.<\/td>\n<\/tr>\n<tr>\n<td width=\"121\">28.10.1888.<\/td>\n<td width=\"499\">Polo\u017eio sve\u010dane redovni\u010dke zavjete u Padovi. Tu je nastavio studij filozofije, a studij teologije u Veneciji.<\/td>\n<\/tr>\n<tr>\n<td width=\"121\">20.09.1890.<\/td>\n<td width=\"499\">Posve\u0107en za sve\u0107enika u Veneciji u crkvi Gospe od Zdravlja. Zaredio ga je kardinal Dominik Agostini.<\/td>\n<\/tr>\n<tr>\n<td width=\"121\">1890.-1897.<\/td>\n<td width=\"499\">Boravi u kapucinskom samostanu u Veneciji kao ispovjednik.<\/td>\n<\/tr>\n<tr>\n<td width=\"121\">1897.-1900.<\/td>\n<td width=\"499\">Poglavar je kapucinskog samostana u Zadru.<\/td>\n<\/tr>\n<tr>\n<td width=\"121\">10.09.1900.<\/td>\n<td width=\"499\">Premje\u0161ten je u samostan u Bassano del Grappa za ispovjednika.<\/td>\n<\/tr>\n<tr>\n<td width=\"121\">06.04.1905.<\/td>\n<td width=\"499\">Postavljen je za zamjenika poglavara u Kopru.<\/td>\n<\/tr>\n<tr>\n<td width=\"121\">09.09.1906.<\/td>\n<td width=\"499\">Premje\u0161ten je u samostan Thiene za zamjenika.<\/td>\n<\/tr>\n<tr>\n<td width=\"121\">06.10.1909.<\/td>\n<td width=\"499\">Dolazi u samostan u Padovu za ispovjednika i tu ostaje, uz male prekide, sve do smrti.<\/td>\n<\/tr>\n<tr>\n<td width=\"121\">1917.-1918.<\/td>\n<td width=\"499\">Prognan je i boravi u vi\u0161e mjesta ju\u017enije od Firence jer nije htio primiti talijansko dr\u017eavljanstvo.<\/td>\n<\/tr>\n<tr>\n<td width=\"121\">16.10.1923.<\/td>\n<td width=\"499\">Premje\u0161ten je u samostan u Rijeku za ispovjednika Hrvatima i drugim Slavenima.<\/td>\n<\/tr>\n<tr>\n<td width=\"121\">11.11.1923.<\/td>\n<td width=\"499\">Na tra\u017eenje padovanskih katolika, sve\u0107enstva i biskupa vra\u0107a se u Padovu za ispovjednika i tu ostaje sve do svoje smrti.<\/td>\n<\/tr>\n<tr>\n<td width=\"121\">22.05.1935.<\/td>\n<td width=\"499\">Proslavlja 50. obljetnicu redovni\u010dkih zavjeta.<\/td>\n<\/tr>\n<tr>\n<td width=\"121\">22.09.1940.<\/td>\n<td width=\"499\">Proslavlja 50. obljetnicu sve\u0107eni\u0161tva (zlatna sveta misa).<\/td>\n<\/tr>\n<tr>\n<td width=\"121\">30.07.1942.<\/td>\n<td width=\"499\">Umro je u Padovi na glasu svetosti.<\/td>\n<\/tr>\n<tr>\n<td width=\"121\">25.05.1945.<\/td>\n<td width=\"499\">Imenovan je p. Pietro di Valdiporro (Eliseo Bernardi) za vicepostulatora u postupku za progla\u0161enje bla\u017eenim oca Leopolda Bogdana Madi\u0107a.<\/td>\n<\/tr>\n<tr>\n<td width=\"121\">31.12.1945.<\/td>\n<td width=\"499\">Zagreba\u010dki nadbiskup bl. Alojzije Stepinac u svojoj propovijedi u zagreba\u010dkoj katedrali upoznao je hrvatski narod s likom oca Leopolda Mandi\u0107a. To je bio po\u010detak njegova \u0161tovanja u na\u0161oj domovini.<\/td>\n<\/tr>\n<tr>\n<td width=\"121\">16.01.1946.<\/td>\n<td width=\"499\">Zapo\u010deo je u Padovi biskupijski informativni postupak za progla\u0161enje bla\u017eenim oca Leopolda.<\/td>\n<\/tr>\n<tr>\n<td width=\"121\">20.03.1952.<\/td>\n<td width=\"499\">Zaklju\u010den je biskupijski informativni postupak.<\/td>\n<\/tr>\n<tr>\n<td width=\"121\">02.05.1954.<\/td>\n<td width=\"499\">Objavljen je dekret Svetog zbora obreda kojim se odobravaju spisi oca Leopolda.<\/td>\n<\/tr>\n<tr>\n<td width=\"121\">18.12.1958.<\/td>\n<td width=\"499\">Na javnom konzistoriju u bazilici sv. Petra pro\u010ditana je pred papom Ivanom XXIII. Molba da se otvori apostolski postupak.<\/td>\n<\/tr>\n<tr>\n<td width=\"121\">15.05.1962.<\/td>\n<td width=\"499\">Sveti zbor obreda raspravlja o uvo\u0111enju apostolskog postupka sluge Bo\u017ejega.<\/td>\n<\/tr>\n<tr>\n<td width=\"121\">25.05.1962.<\/td>\n<td width=\"499\">Papa Ivan XXIII. odobrio glasanje Svetog zbora obreda, vlastitom rukom potpisao Dekret o uvo\u0111enju apostolskog postupka i osobno odredio \u010dlanove crkvenog sudi\u0161ta.<\/td>\n<\/tr>\n<tr>\n<td width=\"121\">14.09.1963.<\/td>\n<td width=\"499\">Sve\u010dano je otvoren apostolski postupak ua oca Leopolda u biskupskom dvoru u Padovi.<\/td>\n<\/tr>\n<tr>\n<td width=\"121\">19.09.1963.<\/td>\n<td width=\"499\">Prijenos tijela oca Leopolda iz gradskog groblja u Padovi u novosagra\u0111enu kapelicu kraj njegove sobice-ispovjedaonice uz kapucinsku crkvu, gdje se sada nalazi.<\/td>\n<\/tr>\n<tr>\n<td width=\"121\">24.02.1966.<\/td>\n<td width=\"499\">Kanonski pregled posmrtnih ostataka i utvr\u0111ivanje istovjetnosti. Tijelo je prona\u0111eno neraspadnuto, sa\u010duvano u svim svojim dijelovima.<\/td>\n<\/tr>\n<tr>\n<td width=\"121\">12.05.1966.<\/td>\n<td width=\"499\">Zaklju\u010den je apostolski postupak i svi su spisi poslani Svetom zboru obreda u Rim.<\/td>\n<\/tr>\n<tr>\n<td width=\"121\">01.06.1968.<\/td>\n<td width=\"499\">Sveti zbor obreda objavljuje dekret kojim papa podjeljuje oprost od propisa kanonskog prava koji ne dozvoljava raspravljanje o herojskom stupnju krjeposti kandidata za oltar prije navr\u0161enih 50 godina poslije njegove smrti.<\/td>\n<\/tr>\n<tr>\n<td width=\"121\">10.04.1973.<\/td>\n<td width=\"499\">Specijalna sjednica Svetog zbora raspravlja o herojskom stupnju krjeposti i jednodu\u0161nim glasanjem potvr\u0111uje da ih je otac Leopold prakticirao u \u017eivotu.<\/td>\n<\/tr>\n<tr>\n<td width=\"121\">01.03.1974.<\/td>\n<td width=\"499\">Papa Pavao VI. objavljuje sve\u010dani dekret kojim se potvr\u0111uje herojski stupanj krjeposti.<\/td>\n<\/tr>\n<tr>\n<td width=\"121\">03.02.1976.<\/td>\n<td width=\"499\">Izvr\u0161en je ponovni pregled tijela oca Leopolda i ponovno je utvr\u0111eno da je sa\u010duvano u svim svojim dijelovima. Tom prilikom je otpiljena desna ruka i sada je izlo\u017eena uz grob.<\/td>\n<\/tr>\n<tr>\n<td width=\"121\">12.02.1976.<\/td>\n<td width=\"499\">Papa Pavao VI. potpisao je dekret kojim se potvr\u0111uju i progla\u0161uju \u010dudom dva iznenadna ozdravljenja zagovorom oca Leopolda.<\/td>\n<\/tr>\n<tr>\n<td width=\"121\">02.05.1976.<\/td>\n<td width=\"499\">Leopold Bogdan Mandi\u0107 progla\u0161en je bla\u017eenim. Proglasio ga je papa Pavao VI. na trgu pred bazilikom svetoga Petra u Rimu.<\/td>\n<\/tr>\n<tr>\n<td width=\"121\">25.06.1976.<\/td>\n<td width=\"499\">Nadbiskup zagreba\u010dki dr. Franjo Kuhari\u0107, kao predsjednik Biskupske konferencije Jugoslavije, uputio je molbu Svetom zboru za sakramente i bogo\u0161tovlje, da bi se spomendan bla\u017eenog Leopolda slavio 12. svibnja na podru\u010dju \u010ditave Jugoslavije.<\/td>\n<\/tr>\n<tr>\n<td width=\"121\">10.07.1976.<\/td>\n<td width=\"499\">Odgovorom Svetog zbora za sakramente i bogo\u0161tovlje vrhovni sve\u0107enik papa Pavao VI. dobrostivo dopu\u0161ta da se liturgijsko slavlje bla\u017eenog Leopolda Mandi\u0107a stavi u kalendar svih biskupija, 12. svibnja kao obvezatan spomendan.<\/td>\n<\/tr>\n<tr>\n<td width=\"121\">04.07.1977.<\/td>\n<td width=\"499\">Generalni postulator Kapucinskog reda p. Bernardino da Siena uputio je Svetom zboru za progla\u0161enje svetaca molbu da se nastavi s crkvenim postupkom za progla\u0161enje svetim oca Leopolda.<\/td>\n<\/tr>\n<tr>\n<td width=\"121\">1980.-1981.<\/td>\n<td width=\"499\">U nadbiskupskoj kuriji u Trentu obavili su se propisani izvidi u vezi s \u010dudesnim ozdravljenjem Elizabete Ponzolotto koje je predlo\u017eeno u apostolskom postupku za progla\u0161enje Leopolda svetim.<\/td>\n<\/tr>\n<tr>\n<td width=\"121\">26.03.1983.<\/td>\n<td width=\"499\">Sveti zbor za progla\u0161enje svetaca progla\u0161uje ozdravljenje gospo\u0111e Ponzolotto \u010dudom.<\/td>\n<\/tr>\n<tr>\n<td width=\"121\">09.06.1983.<\/td>\n<td width=\"499\">Objavljen je dekret pape Ivana Pavla II. o dokazanom \u010dudu koje se dogodilo na zagovor bla\u017eenog Leopolda Mandi\u0107a.<\/td>\n<\/tr>\n<tr>\n<td width=\"121\">21.06.1983.<\/td>\n<td width=\"499\">Dr\u017eavno tajni\u0161tvo Svete Stolice objavljuje datum progla\u0161enja svetim oca Leopolda.<\/td>\n<\/tr>\n<tr>\n<td width=\"121\">16.10.1983.<\/td>\n<td width=\"499\">Papa Ivan Pavao II. sve\u010dano je proglasio oca Leopolda Bogdana Mandi\u0107a svetim na trgu pred bazilikom svetog Petra u Rimu, \u0161to se podudarilo s 5. obljetnicom izbora velikog sve\u0107enika i 25. obljetnicom biskupskog posve\u0107enja Njegove Svetosti.<\/td>\n<\/tr>\n<\/tbody>\n<\/table>\n","protected":false},"excerpt":{"rendered":"<p>SVETI LEOPOLD MANDI\u0106, milosrdni ispovjednik i prorok ekumenizma &#8211; dokumentarni film Kronolo\u0161ki podaci iz \u017eivota svetog Leopolda i postupka za progla\u0161enje bla\u017eenim i svetim 12.05.1866. Ro\u0111en u Herceg-Novom od roditelja Petra Mandi\u0107a i Dragice, ro\u0111. Carevi\u0107, kao jedanaesto, pretposljednje, dijete u hrvatskoj katoli\u010dkoj obitelji. 13.06.1866. Primio sakrament kr\u0161tenja i dobio ime Bogdan, Ivan. 16.11.1882. Stupio &#8230; <span class=\"more\"><a class=\"more-link\" href=\"http:\/\/www.zupa-leopold-mandic.hr\/?page_id=3336\">Vi\u0161e&#8230;<\/a><\/span><\/p>\n","protected":false},"author":1,"featured_media":0,"parent":0,"menu_order":0,"comment_status":"open","ping_status":"open","template":"","meta":{"footnotes":""},"class_list":["entry","page","publish","author-admin","post-3336"],"_links":{"self":[{"href":"http:\/\/www.zupa-leopold-mandic.hr\/index.php?rest_route=\/wp\/v2\/pages\/3336","targetHints":{"allow":["GET"]}}],"collection":[{"href":"http:\/\/www.zupa-leopold-mandic.hr\/index.php?rest_route=\/wp\/v2\/pages"}],"about":[{"href":"http:\/\/www.zupa-leopold-mandic.hr\/index.php?rest_route=\/wp\/v2\/types\/page"}],"author":[{"embeddable":true,"href":"http:\/\/www.zupa-leopold-mandic.hr\/index.php?rest_route=\/wp\/v2\/users\/1"}],"replies":[{"embeddable":true,"href":"http:\/\/www.zupa-leopold-mandic.hr\/index.php?rest_route=%2Fwp%2Fv2%2Fcomments&post=3336"}],"version-history":[{"count":5,"href":"http:\/\/www.zupa-leopold-mandic.hr\/index.php?rest_route=\/wp\/v2\/pages\/3336\/revisions"}],"predecessor-version":[{"id":3638,"href":"http:\/\/www.zupa-leopold-mandic.hr\/index.php?rest_route=\/wp\/v2\/pages\/3336\/revisions\/3638"}],"wp:attachment":[{"href":"http:\/\/www.zupa-leopold-mandic.hr\/index.php?rest_route=%2Fwp%2Fv2%2Fmedia&parent=3336"}],"curies":[{"name":"wp","href":"https:\/\/api.w.org\/{rel}","templated":true}]}}