{"id":3348,"date":"2015-07-17T20:11:03","date_gmt":"2015-07-17T19:11:03","guid":{"rendered":"http:\/\/www.zupa-leopold-mandic.hr\/?page_id=3348"},"modified":"2015-07-30T21:59:59","modified_gmt":"2015-07-30T20:59:59","slug":"povijest-zupe","status":"publish","type":"page","link":"https:\/\/www.zupa-leopold-mandic.hr\/?page_id=3348","title":{"rendered":"Povijest \u017eupe"},"content":{"rendered":"<h1><strong>KRONOLOGIJA \u017dUPE SV. LEOPOLD MANDI\u0106 (1994. &#8211; 2014.)<\/strong><\/h1>\n<h2> 1978. <\/h2>\n<p> dekretom osnovana \u017eupa sv. Leopold Mandi\u0107, ali je do 1994. bila u sastavu \u017eupe sv. Marko Kri\u017eev\u010danin gdje su vo\u0111ene zajedni\u010dke matice i ostale knjige; u sastavu \u017eupe sv. Marko Kri\u017eev\u010danin nalazila se tako\u0111er i kapela Corpus Domini u Mo\u0161\u010deni\u0107koj ulici, koja je u sastavu iste i danas. \u017dupom je sve do 1994. upravljao vl\u010d. Franjo Jurak.<\/p>\n<h2>1994.-1998.<\/h2>\n<p><strong> 28. kolovoza 1994<\/strong>. poslije obavljene primopredaje i slu\u017ebenog osamostaljenja i odvajanja iz sastava \u017eupe sv. Marko Kri\u017eev\u010danin, \u017eupom u sastavu dekanata Zagreb \u2013 jugozapad, po\u010deo je upravljati vl\u010d. Marjan Gradin\u0161\u010dak; unutar granica novoosnovane \u017eupe nalazile su se: ulice Klanje\u010dka i Hannamanova (sa sjeverne strane), potok Kusto\u0161ak (sa zapadne strane), Ljubljanska avenija (s ju\u017ene strane), te Fallerovo \u0161etali\u0161te (s isto\u010dne strane); \u017eupa je obuhvatila dva zagreba\u010dka naselja: Ljubljanicu, s prete\u017eno obiteljskim ku\u0107ama i Voltino naselje gdje se nalaze stambene zgrade i neboderi.<\/p>\n<p>Kapela sv. Leopold Mandi\u0107 inicijalno smje\u0161tena u sklopu naselja Ljubljanica, u Suboti\u010dkoj ulici br. 15, nalazila se u obiteljskoj ku\u0107i od otprilike 170 m2, prilago\u0111enoj da poslu\u017ei kao bogoslu\u017eni prostor; drugih sakralnih objekata na podru\u010dju novoosnovane \u017eupe na kojoj je u to vrijeme \u017eivjelo oko 10 000 stanovnika (od toga oko 1 700 katolika) nije bilo; potrebe za novim prostorom, uporno\u0161\u0107u nekada\u0161njeg upravitelja \u017eupe vl\u010d. Franje Juraka, urodile su konkretnim rezultatima na tom planu: dobivanjem lokacije za gradnju nove crkve (na jugozapadnom uglu ulica Ba\u0161tijanove i Drvinja).<\/p>\n<h2>1998.<\/h2>\n<p>nakon \u010detverogodi\u0161nje slu\u017ebe prvog upravitelja novoosnovane \u017eupe, vl\u010d. Marjan Gradin\u0161\u010dak, odlazi na novu slu\u017ebu povjerenika za rad s mladima Zagreba\u010dke nadbiskupije; na njegovo mjesto dekretom br. 1856\/1998. Nadbiskupskog Duhovnog stola u Zagrebu imenovan je drugi upravitelj \u017eupe vl\u010d. Josip \u017dganec.<\/p>\n<p>Vl\u010d. Josip \u017dganec uz sve redovite poslove upravitelja \u017eupe i sve\u0107enika, u suradnji s odborom za gradnju crkve (u sastavu: Marijan Jakubin, Hrvoje Bartov\u010dak, Stipo Damjanovi\u0107, Bo\u017eo Kelava, Ivan \u0106ehuli\u0107, Ante \u0106uri\u0107, Marijan Furjan, Ljudevit Frka, Rafael Me\u0111ugorac, i stru\u010dni suradnik ing. arh. Mladen Sremac) nastavlja s pripremama za gradnju \u017eupne crkve i pastoralnog centra \u00bbSv. Leopold Mandi\u0107\u00ab;<\/p>\n<p>&#8211; na natje\u010daju za idejno rje\u0161enje nove crkve i pastoralnog centra projekt dobiva g\u0111a Silva Kornhauser ing. arh.;<\/p>\n<p>&#8211; dokumentaciju za dobivanje gra\u0111evne dozvole pribavila g\u0111a \u017deljka Ru\u017ei\u0107, ing. arh.;<\/p>\n<p>&#8211; naknada za ulazak u posjed zemlji\u0161ne \u010destice iznosila je 470.989,80 kn; ona je zahtjevom za ponovno utvr\u0111ivanje tro\u0161kova smanjena na 170.326,50 kn;<\/p>\n<p>&#8211; prikupljanje financijskih sredstava za gore navedene potrebe putem aukcije umjetni\u010dkih slika (na inicijativu Marijana Jakubina, prof.) i izdavanja kataloga izlo\u017ebe (donacija sredstava za katalog: gdin Nenad Krizel); aukcijom osigurano 60.864,00 kn.<\/p>\n<h2>1999.<\/h2>\n<p><strong> 14. kolovoza 1999.<\/strong> \u017eupa dobiva novog \u017eupnog vikara vl\u010d. dr. sc. Josipa \u0160imunovi\u0107a, zbog te\u0161ke bolesti upravitelja \u017eupe vl\u010d. Josipa \u017dganeca;<\/p>\n<h2>2000.<\/h2>\n<p><strong> 12. svibnja 2000., u godini Velikog jubileja<\/strong> o blagdanu sv. Leopolda Mandi\u0107a sve\u010dano euharistijsko slavlje u 18:00 sati predvodio je preuzvi\u0161eni Josip Bozani\u0107, kardinal zagreba\u010dki, izraziv\u0161i svoju potporu, nadu i \u017eelju da \u017eupna i euharistijska zajednica i dalje duhovno raste i ja\u010da, te da uskoro zapo\u010dne s radom oko izgradnje materijalne crkve i pastoralnog centra na novoj lokaciji (ugao Ba\u0161tijanove i Drvinja);<\/p>\n<p><strong> 4. kolovoza 2000.<\/strong> blago je u Gospodinu preminuo, umirovljeni sve\u0107enik vl\u010d. Franjo Jurak, dugogodi\u0161nji upravitelj \u017eupe sv. Marko Kri\u017eev\u010danin, osniva\u010d na\u0161e \u017eupe, prijatelj siroma\u0161nih i potrebitih, \u010dovjek otvorena srca i uma za sve koji su tra\u017eili razumijevanje, savjet, toplu rije\u010d, idejni za\u010detnik i pokreta\u010d gradnje nove crkve i pastoralnog centra, vizionar, domoljub, ispovjednik u zagreba\u010dkoj katedrali, ponizan, siroma\u0161an i jednostavan Bo\u017eji sluga, koji je po svojim idejama, pristupu i primjeni smjernica Drugog vatikanskog sabora bio sve\u0107enik 21. stolje\u0107a.<\/p>\n<p><em>\u00bbKao \u010dovjek izuzetno duboke vjere, radikalnoga sve\u0107eni\u010dkoga predanja, \u010dovjekoljublja i proro\u010dkog vizionarstva, ne mare\u0107i za osporavanja i strpljivo podnose\u0107i tjeskobu, \u017ertvu i trpljenja, ostavio je za sobom duboki i poticajni i izazovni trag<\/em>.\u00ab GK<\/p>\n<p>Pokopan je 8. kolovoza na zagreba\u010dkom groblju Mirogoj, ispra\u0107en od vi\u0161e tisu\u0107a vjernika, prijatelja i po\u0161tovalaca. U nazo\u010dnosti banjalu\u010dkog biskupa Franje Komarice, stotinjak sve\u0107enika i velik broj redovnika i redovnica, te predstavnike drugih Crkava i vjerskih zajednica, pogrebne je obrede predvodio preuzvi\u0161eni Josip Bozani\u0107, kardinal zagreba\u010dki koji je istaknuo da je vl\u010d. Franjo Jurak <em>\u00bbbio sve\u0107enik koji je \u010ditavog \u017eivota imao pred sobom Boga i \u010dovjeka\u00ab.<\/em><\/p>\n<p><strong> 12. kolovoza 2000<\/strong>., na temelju osobne zamolbe, vl\u010d. Josip \u017dganec dekretom br. 2064\/2000. Nadbiskupskog duhovnog stola, razrije\u0161en je s du\u017enosti \u017eupnog upravitelja zbog te\u0161ke bolesti daljnjeg lije\u010denja; na njegovo mjesto, kao tre\u0107i \u017eupnik novoosnovane \u017eupe na temelju dekreta 2095\/2000 imenovan je vl\u010d. Davor \u0160tuljan.<\/p>\n<p>Vl\u010d. Josip \u017dganec, prije svoga odlaska <strong>13. kolovoza<\/strong>, zapisao je u Spomenici na\u0161e \u017eupe plavom tintom sljede\u0107e rije\u010di:<\/p>\n<p>\u00bb<em>Dvije godine \u2013 to je puno i malo vremena. \u017delim zahvaliti Bogu za dar boravka i slu\u017eenja ovoj zajednici! Zahvaljujem i svim ljudima za prihva\u0107anje, suradnju i pomo\u0107 u mojem sve\u0107eni\u010dkom slu\u017eenju. Osobito \u017eelim zahvaliti svojoj teti, s. Stjepanki za svu njezinu skrb i brigu za mene, kao i Sestrama Milosrdnicama na njihovom razumijevanju!<\/em><\/p>\n<p><em>Hvala g. Marijanu Furjanu i njegovoj obitelji za pomo\u0107 i \u017ertvu u vrijeme mog boravka i lije\u010denja u bolnici, kako prema meni osobno, tako i za brigu za stvari vezane uz funkcioniranje i odr\u017eavanje \u017eupe u materijalnom smislu!<\/em><\/p>\n<p><em>Hvala svim \u017eupljanima na njihovim molitvama i \u017ertvama za moje ozdravljenje!<\/em><\/p>\n<p><em>Hvala pre\u010d. g. Josipu Gjuranu, kao i vl\u010d. dr. sc. Josipu \u0160imunovi\u0107u za njihov sve\u0107eni\u010dki rad i prisutnost!<\/em><\/p>\n<p><em>Istinska hvala svima, a Ti Gospodine, koji poznaje\u0161 nakane srdaca, budi im nagrada!<\/em><\/p>\n<p><em>Ti Gospodine koji brine\u0161 za svoju Crkvu, vodi i dalje ovu zajednicu, brani je i \u010duvaj!<\/em><\/p>\n<p><em>Neka Tvoj blagoslov prebiva na ovoj \u017eupi, na svima koji u njoj \u017eive i rade!<\/em>\u00ab<\/p>\n<h2>2001.<\/h2>\n<p><strong> 3. listopada 2001.,<\/strong> u 36. godini \u017eivota i 10. godini sve\u0107eni\u0161tva napustio nas je vl\u010d. Josip \u017dganec. Vl\u010d. Davor \u0160tuljan zapisao je u Spomenici sljede\u0107e rije\u010di:<\/p>\n<p><em>\u00bbUgasila se \u017eivotna svije\u0107a \u010dovjeka kome smo se doslovno divili, za koga smo molili, i koga smo susretali. Vjerujemo da je njegov \u017eivot, iako ovdje me\u0111u nama zavr\u0161io, zapo\u010deo kod Boga na nov i ljep\u0161i na\u010din \u017eivjeti.\u00ab<\/em><\/p>\n<p><strong>Vl\u010d. Davor \u0160tuljan<\/strong> je, nakon predstavljanja \u017eupnoj i euharistijskoj zajednici, primopredaje u prisutnosti \u010dlanova ekonomskog vije\u0107a koju je potvrdio dekan vl\u010d. Josip Kuhti\u0107, preuzeo zahtjevnu zada\u0107u pastoralnog vo\u0111enja ove \u017eupe, ure\u0111enja i uzdr\u017eavanja postoje\u0107ih objekata, te pripreme i gradnje nove crkve i pastoralnog centra.<\/p>\n<p>Od po\u010detka \u0161kolske godine <strong>2000.\/2001.<\/strong> po\u010deo je izlaziti liturgijsko-pastoralni tjednik \u00bbPrijatelj ljudi\u00ab, pod uredni\u0161tvom Roberta Ljubasa i Zrinke Jakubin.<\/p>\n<p><strong> 4. velja\u010de 2001.<\/strong>, kao plod Jubilarne 2000. godine i Euharistijskog kongresa, osnovan je \u017eupni \u00bbCaritas\u00ab; a 18. velja\u010de nabavljen je sintesajzer i novi razglas koji su zamijenili staru i dotrajalu opremu; pristupilo se izgradnji adekvatnog stambenog prostora za sve\u0107enika i vjeronau\u010dne dvorane u prizemlju;<\/p>\n<p><strong>U mjesecu studenome 2001<\/strong>. \u017eupa je dobila gra\u0111evinsku dozvolu za novu crkvu<\/p>\n<h2>2002.<\/h2>\n<p>2002. obilje\u017eena je intenzivnim pripremama za izgradnju nove crkve:<\/p>\n<p>&#8211; Odbor za izgradnju dopunjen novim \u010dlanovima, sastaje se jedanput mjese\u010dno, a po potrebi i \u010de\u0161\u0107e;<\/p>\n<p>&#8211; anga\u017eiran je ing. arh. Davor Salopek iz Petrinje za osiguranje potrebne dokumentacije i izradu tro\u0161kovnika prema glavnom projektu, te s njim potpisan ugovor o preuzimanju nadzora nad gradnjom crkve;<\/p>\n<p>&#8211; nakon zavr\u0161ene natje\u010dajne procedure i analize tro\u0161kova, odabrana je tvrtka \u00bbKonstruktor\u00ab iz Zlatara, te s njom potpisan ugovor;<\/p>\n<p>&#8211; krajem travnja potpisani ugovori koje je potvrdila Nadbiskupija;<\/p>\n<p>&#8211; zapo\u010deli radovi na iskopu;<\/p>\n<p>&#8211; zemljani radovi dovr\u0161eni neposredno prije proslave blagdana \u017eupnog za\u0161titnika sv. Leopolda Mandi\u0107a u svibnju.<\/p>\n<p><strong> 11. velja\u010de 2002. <\/strong>Dan bolesnika u na\u0161oj je \u017eupi po prvi puta obilje\u017een na sadr\u017eajniji na\u010din zahvaljuju\u0107i organizaciji i djelovanju \u017eupnog Caritasa: organizirano je mjerenje \u0161e\u0107era u krvi i krvnog tlaka u vjeronau\u010dnoj dvorani, a starijim su osobama pru\u017eeni i savjeti o zdravlju.<\/p>\n<p><strong> 12. svibnja 2002.<\/strong> blagdan \u017eupnog za\u0161titnika sv. Leopolda Mandi\u0107a, blagoslov gradili\u0161ta i slu\u017ebeni po\u010detak izgradnje nove crkve;<\/p>\n<p><em>\u00bbU prisutnosti nekoliko stotina vjernika iz okolnih \u017eupa, nadbiskup Bozani\u0107 blagoslovio je gradili\u0161te gdje \u0107e se izgraditi nova crkva. Osim toga, blagoslovio je Povelju crkve koja \u0107e biti postavljena u temelje crkve te kamen iz zagreba\u010dke katedrale, koji je prethodno blagoslovio i Sveti Otac Ivan Pavao II. za svog boravka u Hrvatskoj. Zavr\u0161etak gradnje crkve na kri\u017eanju Ba\u0161tijanove i Drvinja o\u010dekuje se za dvije godine.\u00ab<\/em><\/p>\n<p><em>Jutarnji list, ponedjeljak 13. svibnja 2002.<\/em><\/p>\n<p>Presudna inicijativa i podr\u0161ka za gradnju nove crkve potekla je od kardinala Bozani\u0107a. Msgr. Stankovi\u0107, dr. Ve\u010dkovi\u0107 i vl\u010d. Jernei\u0107 u svibnju su 2002. do\u0161li na \u017eupu upoznati se s konkretnim stanjem i potrebama, obe\u0107av\u0161i financijsku i svaku drugu podr\u0161ku.<\/p>\n<p>Vl\u010d. Davor \u0160tuljan u Spomenicu \u017eupe zabilje\u017eio je detalj razgovora s kardinalom:<\/p>\n<p>\u00bb<em>Na blagdan \u017eupe, 12. svibnja imam slobodno poslije podne i do\u0107i \u0107u slaviti sv. misu za po\u010detak izgradnje nove crkve<\/em>.\u00ab Kardinal Josip Bozani\u0107<\/p>\n<p>te fragmente atmosfere uo\u010di i za vrijeme proslave \u017eupnog blagdana i blagoslov gradili\u0161ta:<\/p>\n<p>\u00bb<em>Svatko je \u017eelio dati svoj doprinos da ovo slavlje pro\u0111e u najboljem redu. Obavije\u0161tena je i P. U. Tre\u0161njeva\u010dka da ne bi do\u0161lo do nereda i provokacija.<\/em><\/p>\n<p><em>Neposredno prije nego \u0161to je do\u0161ao nadbiskup Bozani\u0107 na gradili\u0161te i prostor gdje \u0107e se slaviti sv. misa bacano je kamenje iz smjera parka pokraj pozornice i oltara. Tada je do\u0161ao ve\u0107i broj policijskih slu\u017ebenika koji su organizirali daljnji red i mir.<\/em><\/p>\n<p><em>Veliki oblaci valjali su se sa jugozapada i mislilo se da \u0107e se velika ki\u0161a sru\u010diti na cijelo okupljeno mno\u0161tvo. Vjernici iz na\u0161e i okolnih \u017eupa dolazili su u neprekinutoj koloni. Prostor na gradili\u0161tu budu\u0107e crkve bio je ispunjen. Po\u010delo je slavlje na kojem je sudjelovalo izme\u0111u 1500 i 2000 vjernika. Svi smo bili izrazito radosni. <\/em><\/p>\n<p><em>Kamen temeljac za novu crkvu uzet je od kamena Zagreba\u010dke katedrale koji je blagoslovio papa Ivan Pavao II. prilikom prvog posjeta na\u0161oj domovini 1994. godine.<\/em><\/p>\n<p><em>Povelju je pro\u010ditao don Stjepan Bolkovac salezijanac i \u017eupnik \u017eupe Marije Pomo\u0107nice na Kne\u017eiji. <\/em><br \/>\n Nadbiskup je izrekao i blagoslov:<br \/>\n<em>\u201eBlagoslivljaju\u0107i ovo gradili\u0161te zazivam Bo\u017eji blagoslov tako\u0111er na \u017eupljane i \u017eupnika, dobro\u010dinitelje, autora i izvo\u0111a\u010de cjelokupne gra\u0111evine. Ovo sveto djelo i djelatnike izru\u010dujem za\u0161titi Bla\u017eene Djevice Marije, Majke Crkve i zagovoru Sv. Leopolda, naslovnika i za\u0161titnika nove \u017eupne crkve.\u201c<\/em><\/p>\n<p><em>Vjerujemo da je za\u0161titnik nove \u017eupe, sv. Leopold Mandi\u0107 gurao olujne oblake daleko od mjesta proslave. Tako da se dogodilo ne\u0161to zaista \u010dudno: ki\u0161a i olujno nevrijeme zahvatilo je cijelu okolicu, a ovdje se slavlje nesmetano odvijalo bez ijedne kapi ki\u0161e. Doga\u0111aj mo\u017eemo nazvati pravim malim ili velikim \u010dudom.<\/em>\u00ab<\/p>\n<p>Osim fotografija o ovom doga\u0111aju postoji i video zapis, te druga dokumentacija.<\/p>\n<p>Povodom ovog doga\u0111aja tiskan je cjelovit tekst povelje ugra\u0111en, kako na kamen temeljac, tako i u zid apside nove crkve.<\/p>\n<p>Ubrzo nakon toga zapo\u010dela je gradnja nove crkve, a objavljen je i informativni letak o \u017eupi pod naslovom \u00bbNova crkva za novo doba\u00ab s ciljem da stanovnike naselja Ljubljanica \u2013 Voltino senzibilizira i informira o procesu gradnje crkve, te upozna s njihovom \u017eupom.<\/p>\n<p><strong> 28. srpnja 2002.<\/strong> zapo\u010deli adaptacijski radovi i zahvati na interijeru kapele u Suboti\u010dkoj 15: ru\u0161enje pregradnih zidova, ugradnja potpornih stupova i greda, \u017ebukanje, li\u010denje; ovim se zahvatima pro\u0161irio fizi\u010dki prostor kapelice \u017eupnoj zajednici koja je sve vi\u0161e rasla i razvijala se.<\/p>\n<p><strong> 22. rujna 2002.<\/strong> posve\u0107en je i blagoslovljen novi kip \u017eupnog za\u0161titnika s njegovim mo\u0107ima.<\/p>\n<h2>2003.<\/h2>\n<p>2003. obilje\u017eio je nastavak gradnje nove crkve i tre\u0107i pohod, sad ve\u0107 svetog, Ivana Pavla II. Hrvatskoj. Ovaj je svjetski hodo\u010dasnik iz Rima, i po tre\u0107i put do\u0161ao u na\u0161u domovinu \u017eele\u0107i joj navijestiti Radosnu vijest.<\/p>\n<p><strong> 25.svibnja 2003.<\/strong> po prvi je puta ispred nove crkve podijeljen sakrament sv. Potvrde; djelitelj krizme bio je pre\u010d. Juraj Jernei\u0107, voditelj ureda za kler pri zagreba\u010dkoj Nadbiskupiji.<\/p>\n<p><strong>U lipnju 2003.<\/strong> za sve\u0107enika je zare\u0111en na\u0161 novi \u0111akon vl\u010d. Danijel Duki\u0107. On je tijekom 2002. do\u0161ao na na\u0161u \u017eupu i zapo\u010deo s revnim vr\u0161enjem svoje slu\u017ebe, uvelike poma\u017eu\u0107i \u017eupniku vl\u010d. Davoru \u0160tuljanu.<\/p>\n<p><strong>O drugu nedjelju Do\u0161a\u0161\u0107a 2003.<\/strong> na pastoralni praktikum u na\u0161u \u017eupu stigao je \u0111akon Mirko Brli\u0107. Vl\u010d. Davor \u0160tuljan opisao ga je sljede\u0107im rije\u010dima:<\/p>\n<p><em>\u00bbDolazi iz zagreba\u010dke \u017eupe Krista Kralja, Trnje. Odi\u0161e jednostavno\u0161\u0107u i iz njega zra\u010di ljudska dobrota. Nadam se da \u0107e kroz rad i u ovoj \u017eupi jo\u0161 vi\u0161e rasti u tim drugim krjepostima koje trebaju krasiti budu\u0107eg sve\u0107enika. \u00ab<\/em><\/p>\n<p>U <strong>srpnju 2003.<\/strong> crkva je dobila krovne betonske elemente, a uskoro i \u010ditav krov. Uz crkvu se zadnji \u010das nastavio graditi i dio pastoralnog centra u kojem \u0107e biti smje\u0161tena sakristija, kancelarija i privremeni \u017eupni stan.<\/p>\n<p>Do<strong> Bo\u017ei\u0107a 2003.<\/strong> realiziran je ve\u0107i dio dogovorenih radova, ali nije napravljena odvodnja i kanalizacija \u0161to je kasnije nanijelo veliku \u0161tetu zbog izlijevanja vode u podrumske prostorije i ventilacijski kanal; u gra\u0111evinskom smisli crkva je dovr\u0161ena;<\/p>\n<p>Iz zahvale suradnicima i zajednici na zalaganju i pomo\u0107i vl\u010d. Davora \u0160tuljana za 2003. godinu:<\/p>\n<p><em>\u00bbOve godine mnogi su vjernici posebno se istaknuli u anga\u017emanu oko pastorala i gradnji nove crkve. <\/em><\/p>\n<p><em>Zahvala: \u017eupnim suradnicima, \u010dlanovima pastoralnog i ekonomskog vije\u0107a, \u010dlanovima odbora za gradnju, \u017eupnom Caritasu, katehetama i katehetskim suradnicima, ministrantima, mje\u0161ovitom zboru i zboru mladih.<\/em><\/p>\n<p><em>Posebna zahvala i ljudima \u010dije firme su radile ili rade na ovoj crkve: \u00bbKonstruktor\u00ab (g. Dobri\u010devi\u0107 i g. Korpar), Alu-product , g. Bali\u0107 (elektromaterijal i reflektor), g. Perkovi\u0107u i g. Devi\u0107u.<\/em><\/p>\n<p><em>Radna akcija na ure\u0111enju crkve: posebna zahvala najupornijima \u2013 Juri\u0107, Furjan, Bartov\u010dak, Dropulji\u0107, Me\u0111ugorac, Turk, \u0160timac, Kelava, Kertez-Mazur, Krakan. \u0106uri\u0107, Pervan, Damjanovi\u0107, \u0160ari\u0107, Bori\u0107, \u0160krbina. <\/em><\/p>\n<p><em>Mladi su ure\u0111ivali jaslice pod vodstvom g. Martinjaka-<\/em><\/p>\n<p><em>Zahvala raznim donatorima: Sagovi Zagreb, tvornica Jadran, donatorima bo\u017ei\u0107nih jelki \u2026.<\/em><\/p>\n<p><em>Zahvala sve\u0107enicima: vl\u010d. Josipu Gjuranu, don Dragi \u0160karici i vl\u010d. \u0111akonu Mirku Brli\u0107u na pomo\u0107i.<\/em><\/p>\n<p><em>Posebna zahvala: gospo\u0111i Branki Br\u010di\u0107-Crnkovi\u0107 koja vodi dje\u010dju igraonicu i radionicu, gospo\u0111ama Dragici Ili\u0107 i Ru\u017eici Deli\u0107 na vo\u0111enju brige oko sakristije, Marini Furjan na vo\u0111enju ureda, Jasenki Wagner na prepisivanju mati\u010dnih knjiga.\u00ab<\/em><\/p>\n<p><strong>16. prosinca 2003.<\/strong> preminuo prof. dr. Anton \u0160vajger, uzoran vjernik, \u017eupljanin i dugogodi\u0161nji suradnik u \u017eupi, umirovljeni profesor Medicinskoga fakulteta Sveu\u010dili\u0161ta u Zagrebu, \u010dlan HAZU, \u010dlan Papinske akademije za \u017eivot i predsjednik Hrvatskoga katoli\u010dkog lije\u010dni\u010dkog dru\u0161tva.<\/p>\n<p><em>\u00bbKad se u srijedu ujutro nije pojavio na misi zornici, u \u017eupi sv. Leopolda Mandi\u0107a, \u017eupljani su se pitali: \u201eGdje je na\u0161 Izaija?\u201c. On je, naime, redovito \u010ditao kod mise poznata adventska \u010ditanja Izaije proroka. Bio je aktivni vjernik u \u017eivotu svoje \u017eupe te je iz svog podru\u010dja i \u017eivotnog iskustva dr\u017eao predavanja. [\u2026] Obred ispra\u0107aja, uz prigodni nagovor, 19. prosinca na Mirogoju predvodio je pomo\u0107ni biskup zagreba\u010dki mons. dr. Vlado Ko\u0161i\u0107, kao izaslanik nadbiskupa, kardinala Josipa Bozini\u0107a.\u00ab<\/em><\/p>\n<p>Valentin Pozai\u0107, <em>Glas koncila, br.1, 4. sije\u010dnja 2004<\/em>.<\/p>\n<h2>2004.<\/h2>\n<p>2004. godina je potpunog preseljenja u novoizgra\u0111enu crkvu gdje zajednica redovito slavi sv. mise i radnim danima.<\/p>\n<p>Crkva se i dalje gradi, ure\u0111uje i dovr\u0161ava. Prolaze dani, tjedni, mjeseci u izvo\u0111enju razli\u010ditih vrsta radova: bravarski radovi, izgradnja nadstre\u0161nice na ulazu, odvodnja i plinski priklju\u010dak, elektri\u010darski radovi, hidroizolacijski radovi i dr.<\/p>\n<p><strong> 12. svibnja 2004.<\/strong> o blagdanu \u017eupnog za\u0161titnika sv. misu predvodio je vara\u017edinski biskup msgr. Mirko Culej, a blagdan je obilje\u017een raznolikim duhovno-glazbenim programom.<\/p>\n<p><strong>U kolovozu 2004.<\/strong> \u017eupa je dobila prvog \u017eupnog vikara vl\u010d. Zlatka Paveti\u0107a. On je na slu\u017ebi i u \u017eupi Vrbani.<\/p>\n<p><strong>U rujnu 2004. <\/strong>trodnevnicom (23., 24. i 25.) je obilje\u017eena i sve\u010danim misnim slavljem proslavljena 10. obljetnica \u017eupe, a sv. misu je predvodio o. Zdenko Ten\u0161ek, kapucin.<\/p>\n<h2>2005.<\/h2>\n<p>U godinama koje slijede nastavili su se radovi na crkvi i na jednom dijelu pastoralnog centra koji je izgra\u0111en uz crkvu.<\/p>\n<p>Valja naglasiti da je crkva tijekom 2005. dobila podno grijanje, te da su dovr\u0161eni elektri\u010darski radovi, kotlovnica, instalacije u stambenom dijelu.<\/p>\n<p><strong> 2. travnja 2005.<\/strong> preminuo je, sada ve\u0107 sveti Ivan Pavao II; \u017eupna i euharistijska zajednica molitvom i misnim slavljem oprostila se u duhu s Hrvatskom narodu posebno dragim Papom i uputila svoje molitve Gospodinu za izbor novoga Pape.<\/p>\n<p>Iz knjige kardinala Stanislawa Dziwisza, dugogodi\u0161njeg tajnika Ivana Pavla II. \u00bb\u017divot s Papom\u00ab:<\/p>\n<p>\u00bb<em>Tako dolazimo do subote, 2. travnja. <\/em><\/p>\n<p><em>Htio bih se mo\u0107i doista svega prisjetiti.<\/em><\/p>\n<p><em>U sobi je vladala velika vedrina. Sveti je Otac blagoslovio krune namijenjene Gospi Cz\u0119stochowskoj u vatikanskim \u0161piljama i druge dvije koje \u0107e biti poslane u Jasnu G\u00f3ru. Zatim se oprostio od najbli\u017eih suradnika, kardinala, monsinjora iz Dr\u017eavnoga tajni\u0161tva, voditelja ureda, a za\u017eelio je pozdraviti i Francesca koji je bio zadu\u017een za \u010di\u0161\u0107enje stana.<\/em><\/p>\n<p><em>Jo\u0161 je bio potpuno svjestan jer je, iako se s mukom izra\u017eavao, zatra\u017eio da mu se \u010dita Ivanovo evan\u0111elje. [\u2026] Otac Stycze\u0144 zapo\u010deo je \u010ditati Ivanovo evan\u0111elje, jedno za drugim. Pro\u010ditao ih je devet. Na kraju \u0107e u knjizi ostati zabilje\u017eeno mjesto dokle je pro\u010ditano; ujedno je to bio znak kada je dovr\u0161ena njegova egzistencija. [\u2026] U jednom trenutku sestra Tobiana je \u00bbosjetila\u00ab njegov pogled; pribli\u017eila je uho njegovim ustima, a on je jedva \u010dujnim glasom rekao: \u00bbPustite me da odem k Gospodinu.\u00ab [\u2026]<\/em><\/p>\n<p><em>Bilo je 21.37. Primijetili smo da je Sveti Otac prestao disati. Ali to\u010dno u tomu trenutku \u00bbvidjeli\u00ab smo na monitoru kako se njegovo veliko srce, nakon \u0161to je kucalo jo\u0161 nekoliko trenutaka, zaustavilo.<\/em><\/p>\n<p><em>Doktor Buzzonetti nagnuo se nad njega i podigav\u0161i tek pogled prozborio: \u00bbPreselio se u O\u010dev dom.\u00ab A netko je zaustavio kazaljke sata na tomu vremenu.<\/em><\/p>\n<p><em>Mi smo, kao da smo se dogovarali, zapo\u010deli pjevati Te Deum. Ne Requiem, jer to nije bila \u017ealost, nego Te Deum, kao zahvalu Bogu za dar koji nam je dao, za dar osobe Svetoga Oca, Karola Wojtyle.\u00ab<\/em><\/p>\n<p>Dziwisz, Stanislaw. <em>\u017divot s Papom<\/em>. Split: Verbum, 2008., str, 255-257.<\/p>\n<p><strong> 9. travnja 2005.<\/strong> krizmu je podijelio msgr. Josip Mrzljak; sakrament sv. Potvrde primilo je 117 krizmanika.<\/p>\n<p><strong> 12. svibnja 2005.<\/strong> \u017eupni je blagdan obilje\u017een sve\u010danim duhovno-molitveno-glazbenim programom, a svetu je misu predvodio o. Ho\u0161ka, franjevac s Trsata i izuzetan propovjednik.<\/p>\n<p>Opse\u017eni radovi na gradnji crkve i pastoralnog centra nastavili su se do konca i ove, sada tako davne 2005. godine.<\/p>\n<h2>2006.<\/h2>\n<p><strong>Prvu polovicu 2006.<\/strong> godine obilje\u017eili su intenzivni radovi na ure\u0111enju stambenog dijela pastoralnog centra; izvedeni su: kerami\u010darski, zidarski i li\u010dila\u010dki radovi; prostor \u017eupnog ureda i stana opremljen je namje\u0161tajem, a zapo\u010deli su i radovi na monta\u017ei i postavljanju vitraja prof. Marijana Jakubina u crkvenom prostoru.<\/p>\n<p><strong>12. svibnja 2006.<\/strong> proslavili smo vrlo sve\u010dano i sadr\u017eajno \u017eupni blagdan, ali i ispratili na novu slu\u017ebu prvog \u017eupnog vikara vl\u010d. Zlatka Paveti\u0107a, te dobili novog vl\u010d. Nedjeljka Pi\u0161kovi\u0107a.<\/p>\n<p>Sv. potvrdu ove je godine primilo 113 krizmanika, a me\u0111u nama je ponovno bio nadbiskup zagreba\u010dki, kardinal Josip Bozani\u0107:<\/p>\n<p>Iz pozdravnog govora \u017eupnika vl\u010d. Davora \u0160tuljana:<\/p>\n<p><em>\u00bbO\u010de kardinale, posebna radost prisutna je danas, jer ste ponovno me\u0111u nama. Ponosimo se, \u0161to se u na\u0161oj maloj \u017eupi ve\u0107 tre\u0107i put, naime, bili ste ovdje na tek iskopanim temeljima, hrabrili nas, zajedno s nama molili za snagu i milost Bo\u017eju, a sada ponovno s nama postavljate temelje, ali ovoga puta duhovne na kojima \u0107e i dalje \u017eivjeti na\u0161a \u017eupa.<\/em><\/p>\n<p><em>Dragi na\u0161 kardinale!<\/em><\/p>\n<p><em>Danas smo u crkvi podignutih zidova s krovom nad glavom i vjerom u Boga, a kako svakim danom raste na\u0161a crkva, tako raste i na\u0161a vjera u Svevi\u0161njeg, u bolje sutra, u mlade koji su izabrali put vjere i ljubavi prema bli\u017enjemu.\u00ab<\/em><\/p>\n<h2>2007.<\/h2>\n<p><strong>Godine 2007.<\/strong> intenzivirani su radovi na ure\u0111enju interijera crkve: grubi i precizni zidarski radovi, \u017ebukanje i li\u010denje, rasvjeta, ure\u0111enje oltarnog prostora, opremanje vanjskog kri\u017ea (na pro\u010delju crkve); izvedeni su i dodatni betonski i zidarski radovi na ispovjedaonici. Navedene je radove izvr\u0161ila tvrtka na\u0161eg \u017eupljanina g. Stjepana \u0160krbine.<\/p>\n<p><strong>\u017dupni je blagdan, 12. svibnja 2007.<\/strong> proslavljen sve\u010dano i radosno, te kao i dosada\u0161njih godina, potvrdio rast i razvoj \u017eupne i euharistijske zajednice \u017eupe sv. Leopold Mandi\u0107.<\/p>\n<p>Planirani radovi na izvedbi spu\u0161tenog stropa i poplo\u010davanja poda u unutarnjem prostoru crkve odgo\u0111eni su za neko vrijeme, ali je interijer crkve zahvaljuju\u0107i do sada ulo\u017eenom trudu i radovima zablistao i preobrazio se u dostojanstven prostor susreta s Gospodinom.<\/p>\n<p><strong> 2. prosinca 2007.<\/strong> kardinal zagreba\u010dki Josip Bozani\u0107, na poziv upravitelja \u017eupe vl\u010d. Davora \u0160tuljana, blagoslovio je crkvu i vitraje.<\/p>\n<p>Iz misli sv. Leopolda Mandi\u0107a sabranih u knji\u017eici pod naslovom \u00bb365 dana sa svetim Leopoldom\u00ab<\/p>\n<p><em>\u00bbMi smo ljudi koji hodimo i \u017eivimo protiv struje. Neizbje\u017eno osje\u0107amo pritisak svoje pale naravi. No, to nas ne smije obeshrabriti, ve\u0107 uvijek moramo i\u0107i naprijed, zaufani kako Gospodin bilje\u017ei sve na\u0161e napore i nagra\u0111uj sve pretrpljene pote\u0161ko\u0107e. (STD 77)\u00ab<\/em><\/p>\n<p>Sv. Leopold Mandi\u0107<\/p>\n<h2>2008.<\/h2>\n<p><strong> 2008. godina<\/strong> je intenzivnih duhovnih doga\u0111aja u \u017eupi:<\/p>\n<p><strong> 12. svibnja 2008.<\/strong> o blagdanu sv. Leopolda Mandi\u0107a misno je slavlje predvodio o. Zvjezdan Lini\u0107, franjevac pred okupljenim mno\u0161tvom vjernika iz na\u0161e i okolnih \u017eupa koji su ispunili kako unutarnji, tako i vanjski prostor crkve. Usprkos iznimno velikom broju vjernika, nije bilo gu\u017eve, nemira ili buke, ve\u0107 je slavlje preplavila radost, sve\u010dana ti\u0161ina i duboka pobo\u017enost.<\/p>\n<p><strong>Kao priprema za \u017eupni blagdan<\/strong>, proslavljeno je jedno osobito slavlje: podijeljen je akolitat g. Stipi \u0160ari\u0107u. Slavlje je predvodio pomo\u0107ni zagreba\u010dki biskup msgr. Ivan \u0160a\u0161ko.<\/p>\n<p>U<strong> Velikom je tjednu 2008.<\/strong> crkva dobila ne samo nove orgulje marke Roland RD 700 SX dobrotom donatora \u00bbJabol \u2013 Iris\u00ab, Ljubljanica, ve\u0107 i elektronska zvona koja su prvi puta zazvonila na Veliki \u010detvrtak.<\/p>\n<p><strong>\u017dupa je 2008. godine<\/strong> imala smjenu novih \u017eupnih vikara: u prvoj je polovici godine na \u017eupi boravio vl\u010d. Antun Ni\u017eeti\u0107, rodom iz Splita, neokatekumenske duhovne provenijencije, a ve\u0107 u kolovozu iste godine \u017eupa je dobila vl\u010d. Bornu Pu\u0161kari\u0107a.<\/p>\n<p><strong> 8. prosinca 2008.<\/strong> u katedrali je za trajnog \u0111akona zare\u0111en i kandidat na\u0161e \u017eupe vl\u010d. Stipo \u0160ari\u0107, a u nedjelju poslije toga predstavio se svojoj \u017eupnoj zajednici.<\/p>\n<p>Na planu gradnje i dovr\u0161etka poslova predvi\u0111enih za 2008. izvedeno je sljede\u0107e: ure\u0111enje okoli\u0161a sa zapadne, isto\u010dne i sjeverne strane crkve (zasijana je trava i posa\u0111eno je zelenilo), izvedeno je poplo\u010denje, parkirali\u0161te, ulaz u gara\u017eu, napravljeni su potpornji i betonski zidovi.<\/p>\n<h2>2009.<\/h2>\n<p>Gradnja crkve, glazba, zajedni\u0161tvo, gostovanja kulturno-umjetni\u010dkih dru\u0161tava i glazbenika u Bo\u017ei\u0107nom vremenu, ulaze ve\u0107 u kontinuitet. Osim koncerata KUD-ova, za Bo\u017ei\u0107 redovito nastupaju duha\u010dki kvintet ili sekstet pod vodstvom mo. Davora Dropulji\u0107a koji je ujedno \u0161ef dirigent vojnog puha\u010dkog orkestra.<\/p>\n<p>U posljednjih nekoliko godina stasao je i zbor mladih \u00bbGlas srca\u00ab koji se lijepo razvio pod vodstvom mo-e Ane Jankovi\u0107 koja s puno entuzijazma i ustrajnosti okuplja i uvje\u017ebava skupine mladih.<\/p>\n<p><em>\u00bbZbor mladih \u201eGlas srca\u201c svojim zajedni\u0161tvom i slo\u017eno\u0161\u0107u ve\u0107 je deset godina jedna od aktivnijih zajednica u zagreba\u010dkoj \u017eupi sv. Leopolda Bogdana Mandi\u0107a na Voltinom. Godine 1999., na poticaj tada\u0161njeg \u017eupnika Josipa \u017dganeca, Tihomir Drug\u010devi\u0107 i Zrinka Jakubin okupili su malu zajednicu srednjo\u0161kolaca koji su pjevali na ve\u010dernjoj misi za mlade.<\/em><\/p>\n<p><em>Vo\u0111enje zbora prije dvije godine preuzela je mlada profesorica crkvene glazbe Ana Belu\u0161i\u0107 Jankovi\u0107, a danas uz klavijature i gitaru u \u201eGlasu srca\u201c pjeva 15-ak mladih. Na njihovu su repertoaru duhovne \u0161ansone, ali posebno njeguju i gregorijanski koral, liturgijske skladbe te gospel. Rado isti\u010du i koncerte koje pripremaju uo\u010di velikih blagdana s dje\u010djim \u017eupnim zborom, ali i gostovanja na smotrama koja su ostvarili i izvan Hrvatske: Maribor, Sarajevo\u2026 \u00ab<\/em><\/p>\n<p>Glas koncila, 2009.<\/p>\n<p><strong>U kolovozu 2009.<\/strong> odlazi vl\u010d. Borna Pu\u0161kari\u0107 na slu\u017ebu u susjednu \u017eupu (sv. Nikola Taveli\u0107), a za \u017eupnog vikara dolazi vl\u010d. Ivan Valenti\u0107.<\/p>\n<p>Upravitelj \u017eupe vl\u010d. Davor \u0160tuljan, neumorno i ustrajno nastavlja s aktivnostima na planu projektiranja i prikupljanja potrebne dokumentacije za izgradnju pastoralnog centra. Navedene su aktivnosti ishodile lokacijsku dozvolu i suglasnost, a posao oko projektiranja izvedbenog odn. glavnog projekta preuzima projektni studio ing. arh. Zlatka Korunde, na\u0161eg \u017eupljanina i prakti\u010dnog vjernika.<\/p>\n<h2>2010.<\/h2>\n<p><strong> 10. svibnja 2010<\/strong>. \u017eupa je dobila potvrdu glavnog projekta za izvo\u0111enje Pastoralnog centra, projekta u koji je ulo\u017eeno puno novca, vremena, snage (preko 900.000 kn unutar \u010detiri godine za projektnu dokumentaciju, slivne vode, komunalnu naknadu);<\/p>\n<p><strong>Prodaja nekretnine<\/strong> \u2013 kapelice u Suboti\u010dkoj 15 osigurala je sredstva za povrat kredita banci, dugova izvoditeljima radova, te preostalih dugova vezanih uz komunalne naknade.<\/p>\n<p>Na crkvi je tijekom ljeta dovr\u0161ena termo fasada; radove je kvalitetno i odgovorno izvela tvrtka \u00bbFoton promet\u00ab iz Vugrovca (direktor: g. Stanko \u010culjak).<\/p>\n<p>Iako su brojni i raznovrsni radovi na izgradnji crkve i Pastoralnog centra iscrpili na sve na\u010dine, poglavito financijski \u017eupnu zajednicu, njezina duhovnog pastira, te \u017eupne i ku\u0107ne blagajne, ipak u duhu slo\u017ena zajednica je s \u017eupnikom pokrenula nekoliko akcija prikupljanja dodatnih financijskih sredstava, me\u0111u kojima je svakako bila <strong>priprema i prodaja doma\u0107ih kola\u010da<\/strong>; znatan dio sredstava potrebnih za realizaciju planiranog u 2010. osiguralo se iz dva smjera:<\/p>\n<p><strong>Nov\u010danom potporom Nadbiskupskog duhovnog stola<\/strong> za pokrivanje Pastoralnog centra krovom;<\/p>\n<p><strong>Bankovnim kreditima <\/strong>u iznosu od 300.000,00 kn osigurana su sredstva za podizanje konstrukcije i zatvaranje vjeronau\u010dne dvorane, dodatnog prostora za izvo\u0111enje pastoralnih aktivnosti, navedeni je prostor osiguran zatvaranjem dijela terase pored \u017eupnog ureda.<\/p>\n<p><strong> 3. srpnja 2010.<\/strong> u Zagreba\u010dkoj je katedrali za pomo\u0107nog zagreba\u010dkog biskupa zare\u0111en msgr. Mijo Gorski;<\/p>\n<p><strong> 31. srpnja 2010.<\/strong> u bazilici Srca Isusova u Palmoti\u0107evoj ulici, za sve\u0107enika je zare\u0111en o. Alan Modri\u0107, \u017eupljanin \u017eupe sv. Leopold Mandi\u0107, Ljubljanica \u2013 Voltino; u kolovozu je o. Alan u svojoj \u017eupi u prisutnosti brojnih vjernika, subra\u0107e isusovaca proslavio mladu misu.<\/p>\n<p><strong> 18. rujna 2010.<\/strong> u na\u0161oj je \u017eupi bilo slavlje sv. Potvrde; slavlje je predvodio i krizmu podijelio nadbiskup zagreba\u010dki Josip Bozani\u0107.<\/p>\n<h2>2011.<\/h2>\n<p>Ove su godine, nakon vi\u0161egodi\u0161njih nastojanja a na temelju odobrenja kardinala Josipa Bozani\u0107a, <strong>ure\u0111ene granice \u017eupe sv. Leopold Mandi\u0107<\/strong>: sa sjeverne strane na\u0161e \u017eupe u kojoj grani\u010di sa \u017eupom sv. Nikola Taveli\u0107, Kusto\u0161ija; nove granice na sjeveru obuhva\u0107aju cijelo naselje Voltino do pruge i Zagreba\u010dke ulice \u010dime su granice \u017eupe uskla\u0111ene s civilnim granicama mjesne uprave.<\/p>\n<p>2011. godine zajednica je dobila novu, svjetlu i prostranu <strong>vjeronau\u010dnu dvoranu<\/strong> pored \u017eupnog ureda, radove je izvela tvrtka \u00bbAR-CO aluminij\u00ab iz sv. Nedjelje; problemi s rokovima i kvalitetom bili su prisutni od samog po\u010detka, a danas se potvr\u0111uje da su radovi izvedeni vrlo lo\u0161e te da dvorana nema primjerenu hidroizolaciju, \u0161tovi\u0161e izlo\u017eena je kod svakog ve\u0107eg pljuska opasnosti od poplavljivanja.<\/p>\n<p>Pokrenuta je <strong>zadnja faza radova na izgradnji Pastoralnog centra;<\/strong> uz odobrenje zagreba\u010dke Nadbiskupije, \u017eupa je dobila i inicijalna sredstva u iznosu od 1.500,000,00 kn; nakon provedene natje\u010dajne procedure radovi su povjereni tvrtki \u00bbPartner gradnja d.o.o.\u00ab iz \u010cakovca; dovr\u0161eni su radovi na iskopu, hidroizolaciji i podrumu.<\/p>\n<p><strong>Ivan Martinjak<\/strong> darovao je \u017eupi <strong>maketu crkve s Pastoralnim centrom<\/strong>; ona je izlo\u017eena na stolu za tisak u prostoru crkve i djeluje vrlo lijepo, ulijevaju\u0107i nadu u skorije dovr\u0161enje ovog velikog projekta koji nadilazi ljudske snage i uvijek iznova probija predvi\u0111ene vremenske okvire.<\/p>\n<p>U svibnju je nakon iznenadnog odlaska vl\u010d. Ivana Valenti\u0107a na novu slu\u017ebu, do\u0161ao novi \u017eupni vikar <strong>vl\u010d. Josip Horvat.<\/strong> \u017dupna se zajednica tako oprostila s <strong>vl\u010d. Ivanom Valenti\u0107em<\/strong> koji je revno i po\u017ertvovno vr\u0161io svoju sve\u0107eni\u010dku slu\u017ebu na dvije \u017eupe, a posebno se istaknuo u radu s mladima, te do\u010dekala sa zanimanjem novog kapelana vl\u010d. Josipa Horvata koji se odmah pokazao kao izuzetan propovjednik, s posebnim smislom za sustavnost i vrlo sugestivan u lomljenju Rije\u010di.<\/p>\n<p><strong> 12.svibnja 2011.<\/strong>, \u017eupni je blagdan proslavljen vrlo sve\u010dano i programom sadr\u017eajno kao i dosada\u0161njih godina, a ove je godine blagdan za\u0161titnika \u017eupe sv. Leopolda Mandi\u0107a bio prilika za rezimiraju\u0107i pogled unatrag i osvrt na dosada\u0161nji rad, aktivnosti \u017eupne zajednice i tijek napornih radova na gradnji crkve i pastoralnog centra.<\/p>\n<h2>2012.<\/h2>\n<p>Godina 2012. obilje\u017eena je u punom smislu juri\u0161nim radovima na podizanju, opremanju i dovr\u0161etku grubih radova na Pastoralnom centru. Pred o\u010dima sviju nas, iz dana u dan, iz tjedna u tjedan, zdanje je nastajalo, dizalo se u visinu, postajalo. Radovi su na kra\u0107e prekinuti zbog ljetnog odmora, pa ponovno nastavljeni. Centar je do Bo\u017ei\u0107a bio opremljen elektri\u010dnom strujom, ugra\u0111eni su prozori, te dovedena voda i odvodnja.<\/p>\n<p>Godina 2012. progla\u0161ena je <strong>Godinom vjere<\/strong> od Sv. Oca pape Benedikta XVI. Time se \u017eeljelo na poseban na\u010din posvijestiti kako je potrebno u ovim vremenima slijediti vjerno i ustrajno put koji nam je pokazao Gospodin Isus Krist. \u017dupna je zajednica kroz Godinu vjere intenzivnije molila na tu nakanu, a organizirane su tribine, susreti i predavanja na temu vjere. U na\u0161oj su \u017eupi gostovali propovjednici, teolozi, redovnici, posebno valja istaknuti mr.sc. An\u0111elka Ko\u0161\u0107aka, dr.sc. Tomislava Marki\u0107a, o. Antu Buba\u0161a, don Antu Vasilja i druge.<\/p>\n<p>\u00bb<em>Ponovno otkriti sadr\u017eaje vjere koju se ispovijeda, slavi, \u017eivi i moli, te razmi\u0161ljati o samom \u010dinu vjere, je zada\u0107a koju svaki vjernik mora osobno ispuniti, osobito u ovoj Godini.<\/em>\u00ab (Usp. Porta fidei, str. 14)<\/p>\n<p><strong> 12. svibnja 2012.<\/strong>, o \u017eupnom je blagdanu sve\u010danu svetu misu predvodio i na njoj nadahnuto propovijedao o. Alan Modri\u0107, koji je za ovu priliku do\u0161ao posebno iz Rima (sa studija kojeg marljivo polazi). Blagdan \u017eupe obilje\u017een je i posebnim plakatom u predvorju \u017eupe koji sadr\u017ei kratak \u017eivotopis sveca, te izbor njegovih misli, poruka i svjedo\u010danstava.<\/p>\n<p>\u00bb<em>Jednog dana re\u010de mi otac Leopold: Kad sam bio dje\u010dak od 8 godina po\u010dinih neku nepodop\u0161tinu koju nisam smatrao te\u0161kom, a tako mislim jo\u0161 i danas. Moja me sestra prekorila a zatim odvela do \u017eupnika da me savjetuje kako \u0107u se popraviti i da me kazni. Ja sam priznao \u017eupniku svoj grijeh, a on, po\u0161to me strogo prekorio, naredi mi da kle\u010dim na sredini crkve. Ostadoh duboko o\u017ealo\u0161\u0107en i ovako sam razmi\u0161ljao u sebi: Za\u0161to se mora postupati tako grubo s dje\u010dakom zbog jedne neznatne pogre\u0161ke? Kada budem velik, \u017eelim postati fratar-redovnik, ispovjednik i bit \u0107u vrlo milosrdan i blag prema du\u0161ama, s gre\u0161nicima.\u00ab <\/em>Zapisano svjedo\u010danstvo jedne \u010dasne sestre iz Reda slu\u017eavki Bezgrje\u0161ne u Padovi.<\/p>\n<p><strong>U srpnju 2012.<\/strong> vodstvo zbora mladih Glas srca, napustila je mo. Ana Jankovi\u0107. Zajednica je bila iznena\u0111ena i potresena njezinim odlaskom ali je ubrzo lijepo prihvatila njezinu nasljednicu, stru\u010dnu i mladu profesoricu Anu Glasnovi\u0107, diplomiranu glazbenicu Instituta za crkvenu glazbu. Ana Glasnovi\u0107 se brzo i lijepo uklopila, unijev\u0161i temperament i osobnost u mje\u0161oviti zbor.<\/p>\n<p><strong>U kolovozu 2012.<\/strong> dobili smo novog \u017eupnog vikara vl\u010d. Kristijana Gatari\u0107a, a vl\u010d. Josip Horvat je premje\u0161ten na novu slu\u017ebu tajnika kardinala Bozani\u0107a.<\/p>\n<p><strong>20. rujna 2012.<\/strong> po prvi smo puta u na\u0161oj \u017eupi imali cjelodnevno \u017eupno klanjanje.<\/p>\n<h2>2013.<\/h2>\n<p><strong> 2013. godinu<\/strong> obilje\u017eio sna\u017eno je obilje\u017eio odlazak \u017eupnika vl\u010d. Davora \u0160tuljana na novu slu\u017ebu, dolazak novog upravitelja \u017eupe vl\u010d. \u017deljka Lovri\u0107a, kao i odlazak \u017eupnog vikara vl\u010d. Kristijana Gatari\u0107a.<\/p>\n<p><strong>Sredinom srpnja<\/strong> za \u017eupne je suradnike vl\u010d. \u0160tuljan organizirao izlet u Lu\u017eec.<\/p>\n<p><strong>18. kolovoza 2013.<\/strong> upravitelj \u017eupe vl\u010d. Davor \u0160tuljan dobio je premje\u0161taj na novu slu\u017ebu u \u017eupi sv. Anastazija u Samoboru. U spomenici \u017eupe vl\u010d. Davor je, me\u0111u ostalim, zapisao:<\/p>\n<p><em>\u00bbNa \u017eupu sam do\u0161ao 2000. godine koju smo slavili kao Jubilarnu godinu. [\u2026] Ova godina je godina Vjere, tako je moj rad na ovoj \u017eupi zaokru\u017een Jubilejem na po\u010detku, i Vjerom na kraju. Retrospektivu nije lako napraviti, jer se doga\u0111alo puno toga, ovdje \u0107u nabrojiti najva\u017enije stvari u proteklim godinama: [\u2026] 1) gradnja stana i vjeronau\u010dne dvorane u Suboti\u010dkoj; 2) pro\u0161irenje postoje\u0107e crkve i okoli\u0161; 3) po\u010detak izgradnje crkve i jednog dijela pastoralnog centra; 4) zapo\u010dela je gradnja crkve, a ovih zadnjih godina i izgradnja pastoralnog centra II. [\u2026] Velik posao u svemu tome, u gradnji bilo je prikupljanje novaca i tra\u017eenje donatora. Zagreba\u010dka nadbiskupija je financirala velik dio radova na po\u010detku, ali trebalo je za nastavak radova osigurati velika sredstva i od \u017eupljana i od donatora. \u010cesto su se gomilali dugovi koji su nekad tako pritiskali da se jedva disalo. [\u2026] Crkva koja je izgra\u0111ena, prili\u010dno je velika, ali je ispunjena tijekom cijele godine, osobito se lijepo istakla ve\u010dernja Nedjeljna misa na kojoj zna sudjelovati preko 100 mladih.<\/em><\/p>\n<p><em>Vjerou\u010ditelji su prvi suradnici u \u017eupi u katehezi. Ova \u017eupa je uvijek imala dobre i vjerne vjerou\u010ditelje. [\u2026] Do\u0161le su i nove interesne skupine i programi; neke su do\u0161le i oti\u0161le, a neke su se zadr\u017eale: biblijska skupina, skupina \u010dita\u010da, molitvena skupina, grupa suradnika oko \u017eupnog listi\u0107a, organizacije web stranice\u2026i sli\u010dno. [\u2026]<\/em><\/p>\n<p><em>\u017delim puno sre\u0107e mome nasljedniku vl\u010d. \u017deljku Lovri\u0107u, a svima hvala na svakoj rije\u010di, molitvi, podr\u0161ci, svakom \u010dinu koji je bilo tko u\u010dinio osobno za mene ili za ovu \u017eupu.<\/em><\/p>\n<p>\u017dupna zajednica oprostila se od svog \u017eupnika prigodnim govorom koji je sa\u017eeto istaknuo njegov trinaestogodi\u0161nji rad na izgradnji fizi\u010dke i duhovne crkve:<\/p>\n<p>Po\u0161tovani g. \u017eupni\u010de,<\/p>\n<p>Dragi vl\u010d. Davore,<\/p>\n<p>Kristov sve\u0107eni\u010de,<\/p>\n<p>U Zagrebu, 18. kolovoza 2013.<\/p>\n<p>Pozvan, opremljen i doveden po Bo\u017ejoj volji u ovaj prostor i vrijeme me\u0111u nas, \u017eelim Vam u ime cijele \u017eupne zajednice, svih njezinih \u010dlanova i skupina (vjerou\u010ditelja i pjeva\u010da, poslu\u017eitelja i suradnika, Caritasa i \u010dita\u010da, animatora i molitelja, savjetnika za gradnju i dobro\u010dinitelja) &#8211; kao graditelju optere\u0107enom postavljanjem kamena po kamena u crkvenu gra\u0111evinu i kao pastiru 21. stolje\u0107a koji je preuzeo odgovornost i brigu za na\u0161u \u017eupnu zajednicu, za njezinu sigurnost, rast u vjernosti Bogu i ljubavi prema \u010dovjeku, za njezin podmladak \u2013 od srca zahvaliti za dobrotu, po\u017ertvovnost i ustrajnost upravljanja fizi\u010dkom i \u017eivom Crkvom koju \u010dinimo svi mi ovdje okupljeni ali i svi oni koji nisu ovdje nazo\u010dni.<\/p>\n<p>U jednoj osobi, kojom je Gospodin pred o\u010dima sviju nas u dugom nizu od trinaest godina tajanstveno i mudro upravljao pro\u017eimaju se: odrje\u0161itost i smisao za humor; poduzetni\u010dki duh i osjetljivost za \u010dovjeka u potrebi; inovativnost i nov na\u010din navje\u0161taja Radosne vijesti; poznavanje svih vrsta alata i novih gra\u0111evinskih materijala i odli\u010dno poznavanje psihologije duhovnog \u017eivota; po\u017ertvovnost, marljivost u gradnji fizi\u010dke crkve i poseban smisao za izgradnju zajedni\u0161tva duhovne Crkve; vizija i vjera; tjeskoba i nada; apostolski i menad\u017eerski duh.<\/p>\n<p>Dragi na\u0161 \u017eupni\u010de, Va\u0161a je trinaestogodi\u0161nja prisutnost ostavila dubok trag na ovom prostoru i u na\u0161oj zajednici. Iz Va\u0161eg je djelovanja izrastao i cijeli jedan nara\u0161taj mladih, dana\u0161njih suradnika, animatora, pjeva\u010da i uspje\u0161nih mladih ljudi na studiju. Do\u0161li ste na na\u0161u \u017eupu pred blagdan Velike Gospe (13. kolovoza 2000.) u godini Velikoj jubileja, a Gospodin Vas \u0161alje dalje u svoju slu\u017ebu u godini Vjere. Znakovito i bremenito smislom. U trenutku preuzimanja Va\u0161e odgovorne i svete slu\u017ebe malo stado vjernika okupljalo se u kapelici sv. Leopold Mandi\u0107 u Suboti\u010dkoj ulici, od 1971. sve do 8. kolovoza 1994. godine u okviru \u017eupe sv. Marko Kri\u017eev\u010danin. \u017diva je crkva slavila Gospodina u sku\u010denim prostornim uvjetima strpljivo i\u0161\u010dekuju\u0107i novu, fizi\u010dku crkvu za koju su postupno bili osigurani administrativni i pravni uvjeti. Krenuli ste od papirologije u dugotrajnu i ustrajnu borbu gradnje Bo\u017ejeg hrama, i ve\u0107 u prvoj godini svoga upravljanja \u017eupom 2001. godine, osposobiv\u0161i prostor dvori\u0161nog objekta u Suboti\u010dkoj u vjeronau\u010dnu dvoranu i \u017eupni stan, te manjim zahvatom pro\u0161irenja interijera kapele, bitno ubla\u017eili tada ve\u0107 goru\u0107i problem liturgijskog prostora. Na blagdan sv. Leopolda Mandi\u0107a prije jedanaest godina zagreba\u010dki je kardinal Josip Bozani\u0107 blagoslovio gradili\u0161te i temeljni kamen budu\u0107e \u017eupne crkve, a ve\u0107 u zimu 2003. \u017eiva je zajednica proslavila svoj prvi Bo\u017ei\u0107 u prostoru nove crkve \u2013 hladnom, nedovr\u0161enom ali ispunjenom toplinom vjere, nade i zajedni\u0161tva. Do\u0161a\u0161\u0107e 2007. godine bilo je posebno sve\u010dano, tada je blagoslovljena nova crkva s dovr\u0161enim interijerom za bogoslu\u017eje. Slijedile su godine daljnjih radova na crkvenom objektu i drugim namjenskim prostorima (sakristije, \u017eupnog ureda i stana) a \u017eivot se zajednice u neprekinutom kontinuitetu sve vi\u0161e kvalitativno obnavljao i broj\u010dano umna\u017eao unutar gabarita liturgijskog prostora u nastajanju. Posljednje tri godine ostat \u0107e trajno obilje\u017eene projektiranjem i konkretnom realizacijom izgradnje pastoralnog centra. Radovi zapo\u010deti u ljeto 2011. dovr\u0161eni su nedavno stavljanjem izolacije i cijelog kompleksa pod krov.<\/p>\n<p>Nakon trinaest godina \u017eiva Crkva vjernika \u017eupe sv. Leopold Mandi\u0107 ima prostranu, novu fizi\u010dku crkvu i funkcionalan pastoralni centar. Va\u0161om ste predano\u0161\u0107u povjerenom Vam poslu i odano\u0161\u0107u svetoj i odgovornoj slu\u017ebi kroz trinaest dugih i napornih godina upravljanja \u017eupom grade\u0107i crkvu gradili vjeru ove zajednice. Ugradiv\u0161i samoga sebe napornim i ustrajnim radom u ovaj fizi\u010dki prostor i osobno ste rasli u ustrajnosti, postojanosti i vlastitu vjeru svjedo\u010dili svima nama jer :<\/p>\n<p>\u00bbCrkva je zgrada vjere. U njoj je mogu\u0107e prepoznavati \u010dlanke vjere koji su izrasli iz jednog sredi\u0161ta. Cijela je zgrada postavljena na zakonitosti odnosa temeljnoga i \u201ezaglavnoga\u201c kamena. Zgradu se mo\u017ee do\u017eivljavati izvanjski, promatrati je iznutra jednakim (izvanjskim) pristupom, ali liturgijski prostor svoj smisao ima u sra\u0161tenosti sa \u017eivotom zajednice, u sljubljenosti s pogledom i dodirom vjere; on je izgra\u0111en da bi se u njemu boravilo, slavilo, davalo hvalu Bogu i \u017eivot oblikovalo snagom kri\u017ea i uskrsnu\u0107a Gospodinova.\u00ab<\/p>\n<p>\/Usp. \u0160a\u0161ko, Ivan. Arhitektura ispovijedanja vjere \/\/ \u017divo vrelo, 8(2013), str. 5\/<\/p>\n<p>Vl\u010d. Davore, Va\u0161i Vam (sada polako biv\u0161i) \u017eupljani srcem punim zahvalnosti \u017eele mir i blagoslov na svim Va\u0161im putovima :<\/p>\n<p><em>Neka Vas Gospodin blagoslovi i neka Vas \u010duva !<\/em><\/p>\n<p><em>Neka Vas Gospodin licem svojim obasja, milostiv neka Vam bude !<\/em><\/p>\n<p><em>Neka pogled svoj Gospodin svrati na Vas i mir Vam donese<\/em> !<\/p>\n<p>\/Usp. Br 6, 24-26\/<\/p>\n<p><strong>25. kolovoza 2013. <\/strong>\u017eupnoj i euharistijskoj zajednici predstavio se novi \u017eupnik vl\u010d. \u017deljko Lovri\u0107 koji je svoju prethodnu slu\u017ebu upravitelja \u017eupe slu\u017eio u zagreba\u010dkoj \u017eupi sv. Mala Terezija u Miramarskoj ulici.<\/p>\n<p>\u017dupna ga je zajednica do\u010dekala pozdravnim govorom:<\/p>\n<p>Po\u0161tovani g. \u017eupni\u010de,<\/p>\n<p>Vl\u010d. \u017deljko Lovri\u0107,<\/p>\n<p>Pastiru du\u0161a,<\/p>\n<p>U Zagrebu, 25. kolovoza 2013.<\/p>\n<p><em>Bog je jedino bogatstvo koje ljudi \u017eele prona\u0107i u sve\u0107eniku<\/em>. <a href=\"#_ftn1\" name=\"_ftnref1\">[1]<\/a> Svaki je sve\u0107enik u cjelokupnosti svoga bi\u0107a slika Bo\u017eje vidljivosti i donositelj Boga ljudima. Stoga, po\u0161tovani g. \u017eupni\u010de Vi ste dar Bo\u017eji nama i blagoslov za na\u0161u \u017eupnu zajednicu. Ona je kroz dugi niz godina, postupno grade\u0107i svoju fizi\u010dku \u017eupnu crkvu izgra\u0111ivala i svoje zajedni\u0161tvo, oblikovala svoje obi\u010daje i stvarala duhovni prostor svima onima koji su dolazili izvana, bilo kao novi stanovnici ovog dijela grada, bilo kao pripadnici drugih ili okolnih \u017eupa, bilo kao nova bra\u0107a u Kristu. \u017dupnik je u tome bio uzor, dobar u\u010ditelj i trajan oslonac jer:<\/p>\n<p>\u00bbTko poznaje ljude dana\u0161njice bolje od \u017eupnika? K \u017eupniku uobi\u010dajeno ljudi dolaze \u010desto, bez maske, ne s nekakvim izlikama ve\u0107 u prilikama patnje, bolesti, smrti, obiteljskih pitanja. Dolaze u ispovjedaonicu bez maske, samim svojim bi\u0107em. Nijedno drugo zanimanje, ne pru\u017ea tu mogu\u0107nost poznavanja \u010dovjeka onakvim kakav je u svojem \u010dovje\u0161tvu, a ne u njegovoj ulozi koju ima u dru\u0161tvu.\u00ab<\/p>\n<p>\/Benedikt XVI\/.<\/p>\n<p>Vl\u010d. \u017deljko, u ime cijele \u017eupne zajednice, svih njezinih \u010dlanova i skupina (vjerou\u010ditelja i pjeva\u010da, poslu\u017eitelja i suradnika, Caritasa i \u010dita\u010da, animatora i molitelja, savjetnika za gradnju i dobro\u010dinitelja) \u017eelim Vam od srca dobrodo\u0161licu na slu\u017ebu upravitelja na\u0161e \u017eive i fizi\u010dke Crkve. Neka <em>euharistija za Vas postane \u0161kola \u017eivota, u kojoj \u0107e Vas Isusova \u017ertva na kri\u017eu podu\u010diti da se sami u\u010dinite potpunim darom <a href=\"#_ftn2\" name=\"_ftnref2\"><strong>[2]<\/strong><\/a> <\/em>zajednici kojoj ste poslani.<\/p>\n<p>Povjerena Vam zajednica \u017eeli obilje Bo\u017ejeg blagoslova u Va\u0161oj svetoj i odgovornoj slu\u017ebi:<\/p>\n<p><em>Neka Vas Gospodin blagoslovi i neka Vas \u010duva !<\/em><\/p>\n<p><em>Neka Vas Gospodin licem svojim obasja, milostiv neka Vam bude !<\/em><\/p>\n<p><em>Neka pogled svoj Gospodin svrati na Vas i mir Vam donese<\/em> !<\/p>\n<p>\/Usp. Br 6, 24-26\/<\/p>\n<p><strong>20. rujna 2013.<\/strong> \u017eupa je po drugi puta imala <strong>Cjelodnevno \u017eupno klanjanje<\/strong>, ovaj puta pod vodstvom novog \u017eupnika vl\u010d. Lovri\u0107a.<\/p>\n<p><strong>28. rujna 2013.<\/strong> \u017eupna je zajednica s novim \u017eupnikom hodo\u010dastila u Pulu, povodom beatifikacije novog bla\u017eenika, hrvatskog sve\u0107enika Miroslava Bule\u0161i\u0107a, koji je podni mu\u010deni\u0161tvo od komunisti\u010dkih vlasti 12. studenoga 1947.<\/p>\n<p>Njegovo mladomisni\u010dko geslo: \u00bbDo\u0111i kraljevstvo tvoje! Budi volja Tvoja!\u00ab potvr\u0111uje spremnost i postojanost ove mlade du\u0161e za beskompromisnu slu\u017ebu Kristu. Njegov kratak \u017eivot i mu\u010deni\u010dka smrt daje nam sna\u017eno svjedo\u010danstvo da je vjernost Bogu jedini ispravan put u istinski \u017eivot, progovaraju\u0107i nam danas, u vremenu sofisticiranih progona kr\u0161\u0107ana upravo sljede\u0107im rije\u010dima:<\/p>\n<p><em>A pravednici \u017eive dovijeka,<\/em><\/p>\n<p><em>i u Gospodu je nagrada njihova<\/em><\/p>\n<p><em>i briga za njih u Svevi\u0161njeg.<\/em><\/p>\n<p><em>Zato \u0107e iz ruku Gospodnjih primiti<\/em><\/p>\n<p><em>kraljevsku krunu slave i vijenac ljepote;<\/em><\/p>\n<p><em>svojom \u0107e ih desnicom Gospod zakriliti<\/em><\/p>\n<p><em>i svojom ih mi\u0161icom za\u0161tititi. <\/em><\/p>\n<p>\/Mudr 5, 16\/<\/p>\n<p>U mjesecu studenom 2013. zapo\u010dele su Kateheze za odrasle, projekt Zagreba\u010dke nadbiskupije za 2013.\/2014. godinu, osmi\u0161ljen uz Godinu vjere. One su se odr\u017eavale utorkom:<\/p>\n<p>Iz najave kateheza Tiskovnog ureda Zagreba\u010dke nadbiskupije<\/p>\n<p><em>U ovoj Godini vjere, koju je papa Benedikt XVI. proglasio 11. listopada 2012. godine, na 50. obljetnicu po\u010detka Drugog vatikanskog koncila, cilj je da se svaki vjernik \u0161to bolje upozna s istinama svoje vjere te da svojim primjerom i svjedo\u010denjem pridonosi dobru svojih bli\u017enjih i dru\u0161tva u kojem \u017eivi. Zato \u0107e se, tijekom ove pastoralne godine, posebna briga posvetiti katehezama u \u017eupnim zajednicama, s posebnim naglaskom na kateheze za odrasle. <\/em><\/p>\n<p><em>Kateheze za odrasle odr\u017eavat \u0107e se svakog utorka kroz cijelu pastoralnu godinu \u2013 od studenog do lipnja, osim u mjesecu sije\u010dnju. Jednom mjese\u010dno, katehezu \u0107e predvoditi zagreba\u010dki nadbiskup kardinal Josip Bozani\u0107. Kako bi dospjela do \u0161to ve\u0107eg broja vjernika, Kardinalova kateheza \u0107e se u\u017eivo prenositi putem interneta, dok su ostali utorci u mjesecu predvi\u0111eni za \u017eupnikovu katehezu te molitveni susret<\/em>. [\u2026]<\/p>\n<p><em>Va\u017eno je napomenuti da je \u017eupa nezamjenjiv prostor koji obuhva\u0107a cjelokupni vjerni\u010dki \u017eivot i zato je pozvana biti bratska zajednica u kojoj ima mjesta za svakoga. Ne postoji nijedno \u017eivotno pitanje koje nije povezano s vjerom, s Kristom i s Crkvom, zato je jako va\u017eno da na ovim katehezama za odrasle u svojim \u017eupnim zajednicama, zajedno s na\u0161im pastirima radimo na izgradnji sebe, svoje \u017eupne zajednice, dru\u0161tva i Crkve. A to mo\u017eemo samo zajedno u Kristu<\/em>.<\/p>\n<p>Iz osvrta za \u017dupni listi\u0107 na drugu katehezu kardinala Josipa Bozani\u0107a:<\/p>\n<p><strong>\u00bbGledaj! Danas preda te stavljam: \u017eivot i sre\u0107u, smrt i nesre\u0107u.\u00ab<\/strong> (Pnz 30,15)<\/p>\n<p>Kardinalova kateheza za odrasle na temu \u00bbDar djeteta\u00ab, 10. prosinca 2013., 19.30<\/p>\n<p>Dostupno na: <a href=\"http:\/\/www.youtube.com\/channel\/UCQrg5eouehbN_BkcdJJ2Cmg\">Link<\/a><\/p>\n<p>\u00bbKardinalova kateheza na temu \u00bbDar djeteta\u00ab odr\u017eana u utorak 10. prosinca u 19.30 okupila je 50ak vjernika u \u017eupnoj crkvi i potaknula raspravu fokusiranu na dva, za navedenu temu, bitna pitanja: <em>\u0160to u\u010diniti da na\u0161e \u017eupne zajednice budu otvorenije prema djeci<\/em>?, i <em>Postoji li pravo na dijete<\/em>?<\/p>\n<p>U vremenu u kojem se hrvatskom narodu sve agresivnije name\u0107e mentalitet kulture smrti a u sferi odgoja, obrazovanja, zdravstva, te na poseban na\u010din zakonodavstva promi\u010du europski standardi spolnog odgoja vjernici su pozvani na intenzivnije uklju\u010divanje u sve oblike dru\u0161tvenog, politi\u010dkog i pravnog djelovanja, a posebno u svom poslovnom okru\u017eenju bez obzira na sektor.<\/p>\n<p>Kardinal je, upozoriv\u0161i na opadanje nataliteta s jedne, te eksplicitan rast trgova\u010dkih centara i potro\u0161a\u010dkog mentaliteta s druge strane, naglasio potrebu dubljeg promi\u0161ljanja braka, bra\u010dne ljubavi i zajedni\u0161tva na tragu onoga \u0161to o braku i obitelji u suvremenom svijetu isti\u010de pastoralna konstitucija Drugog vatikanskog sabora \u00bbGaudium et spes\u00ab (Radost i nada).\u00ab<\/p>\n<p>Do kraja godine nastavljene su pastoralne i \u017eupne aktivnosti, a lijep je odaziv bio i na kateheze za odrasle utorkom namijenjene svim skupinama unutar \u017eupne zajednice.<\/p>\n<p><strong>Bo\u017ei\u0107ni su blagdani<\/strong> sve\u010dano proslavljeni, a \u017eupne statistike zorno svjedo\u010de o rastu \u017eupne zajednice.<\/p>\n<h2>2014.<\/h2>\n<p>\u017dupa je nakon trinaest godina u novu liturgijsku i gra\u0111ansku godinu u\u0161la bez dosada\u0161njeg \u017eupnika vl\u010d. Davora \u0160tuljana; nakon brojnih godina naporne gradnje nove crkve i pastoralnog centra u jedno novo poglavlje svog \u017eupnog zajedni\u0161tva.<\/p>\n<p>\u0160to je u tom poglavlju novo, a da ve\u0107 u nekom obliku nije postojalo ili nastajalo kroz postupan razvoj \u017eive i fizi\u010dke crkve na Golikovoj 42? Spomenimo samo nekoliko novih naglasaka na ve\u0107 postoje\u0107im sadr\u017eajima:<\/p>\n<p><strong>12. o\u017eujka<\/strong> zapo\u010dela je Velika devetnica za\u0161titniku \u017eupe sv. Leopoldu Mandi\u0107u. Ona je trajala sve do spomendana na\u0161eg \u017eupnog za\u0161titnika 12. svibnja. Kroz devet srijeda, \u017eupna se zajednica razmatranjem, zajedni\u010dkom molitvom devetnice, euharistijskim klanjanjem i prinosom zajedni\u010dkih molitvenih nakana po zagovoru sv. Leopolda Mandi\u0107a pod sv. misom, pripremati za proslavu \u017eupnog blagdana u svibnju. Tijekom Velike devetnice misno su slavlje predvodili sve\u0107enici iz Tre\u0161njeva\u010dkog dekanata sa \u017eupnim zborovima. Pobo\u017enost u \u010dast sv. Leopoldu Mandi\u0107u s razmatranjem i euharistijsko klanjanje nai\u0161lo je na velik odaziv. Velika je devetnica, na odre\u0111eni na\u010din, potaknuta pozitivnim iskustvom pobo\u017enosti srijedama kroz crkvenu godinu, ali istovremeno ona je zbog svog kontinuiteta i sadr\u017eajnosti kvalitetniji i konkretniji odgovor potrebama \u017eupne zajednice i \u0161tovatelja sv. Leopolda Mandi\u0107a.<\/p>\n<p><strong>10. svibnja<\/strong>, nakon mise bila je smotra zborova iz \u017eupa s Volov\u010dice, Miramarske, Vukomerca, Vrbana i Kraljice apostola iz Zapre\u0161i\u0107a. Nakon smotre svoje su dru\u017eenje mladi nastavili u Pastoralnom centru, pridru\u017eiv\u0161i se mladim \u017eupljanima u pripremljenim kola\u010dima i okrjepi.<\/p>\n<p><strong>12. svibnja<\/strong> sve\u010dano je proslavljen \u017eupni blagdan. Sve\u010dano ve\u010dernje misno slavlje predvodio je upravitelj sveti\u0161ta Majke Bo\u017eje Bistri\u010dke pre\u010dasni Zlatko Koren u zajedni\u0161tvu s gotovo svim sve\u0107enicima iz dekanata i onima koji su sudjelovali u devetnici. Osobitu je \u017eivost \u017eupljana izazvala nazo\u010dnost biv\u0161eg \u017eupnika \u017eupe Ljubljanica &#8211; Voltino vl\u010d. Davora \u0160tuljana, koji je pro\u0161le jeseni zamijenio slu\u017ebu s dana\u0161njim \u017eupnikom \u017deljkom Lovri\u0107em.<\/p>\n<p>Pre\u010d. Zlatko Koren u propovijedi je, oslanjaju\u0107i se na poruku evan\u0111elja, posebno istaknuo ljubav sv. Leopolda prema svome rodu i domovini, isti\u010du\u0107i zazive iz litanija &#8211; juna\u010dki sluga pomirenja, pregaoc ekumenizma i osobiti \u0161tovatelj Bla\u017eene Djevice Marije. Propovjednik je izri\u010dito naglasio kako se unato\u010d dana\u0161njem nastojanju ocrnjivanja hrvatske stvarnosti treba oduprijeti upravo stavljanjem pod za\u0161titu i sebe i domovine sv. Leopoldu Mandi\u0107u.<\/p>\n<p><strong>20. rujna<\/strong>, \u017eupa je imala i po tre\u0107u godinu Cjelodnevno godi\u0161nje klanjanje.<\/p>\n<p>Potaknute velikim odazivom na kateheze za odrasle utorkom, te zanimanjem \u017eupne zajednice za produbljivanjem vjere, u listopadu su zapo\u010dele \u017eupne kateheze za odrasle. Kateheze vodi \u017eupnik vl\u010d. \u017deljko Lovri\u0107, a odr\u017eavaju se utorkom poslije sv. mise u 18 sati. Zajednica vjernika produbljuje teme i istine vjere kroz Katekizam Katoli\u010dke crkve.<\/p>\n<p>Pripremanje potrebnih tro\u0161kovnika i dokumentacije za nastavak i dovr\u0161etak radova na interijeru crkve i pastoralnog centra su u tijeku.<\/p>\n<p><em>\u00bbJednom je ljubav ona koja daje ostajanje, drugi put je to Duh Sveti. Ona je kriterij Duha Svetoga naspram nesvetoga duha, odnosno, ona je prisutnost samoga Duha Svetoga, a utoliko i Bo\u017eja prisutnost. Bitan i sredi\u0161nji sa\u017eetak onoga \u0161to Duh Sveti jest i ostvaruje, u kona\u010dnici, nije \u00bbspoznaja\u00ab, nego ljubav\u00ab.<\/em><\/p>\n<p><em>Benedikt XVI.<\/em><\/p>\n<p><a href=\"#_ftnref1\" name=\"_ftn1\">[1]<\/a> Usp. BENEDIKT XVI. Misli o sve\u0107eni\u0161tvu: Izbor tekstova pape Benedikta XVI. Zagreb : Kr\u0161\u0107anska sada\u0161njost, 2009.<\/p>\n<p><a href=\"#_ftnref2\" name=\"_ftn2\">[2]<\/a>.Nav. djelo, str. 29.<\/p>\n","protected":false},"excerpt":{"rendered":"<p>KRONOLOGIJA \u017dUPE SV. LEOPOLD MANDI\u0106 (1994. &#8211; 2014.) 1978. dekretom osnovana \u017eupa sv. Leopold Mandi\u0107, ali je do 1994. bila u sastavu \u017eupe sv. Marko Kri\u017eev\u010danin gdje su vo\u0111ene zajedni\u010dke matice i ostale knjige; u sastavu \u017eupe sv. Marko Kri\u017eev\u010danin nalazila se tako\u0111er i kapela Corpus Domini u Mo\u0161\u010deni\u0107koj ulici, koja je u sastavu iste &#8230; <span class=\"more\"><a class=\"more-link\" href=\"https:\/\/www.zupa-leopold-mandic.hr\/?page_id=3348\">Vi\u0161e&#8230;<\/a><\/span><\/p>\n","protected":false},"author":1,"featured_media":0,"parent":0,"menu_order":0,"comment_status":"open","ping_status":"open","template":"","meta":{"footnotes":""},"class_list":["entry","page","publish","author-admin","post-3348"],"_links":{"self":[{"href":"https:\/\/www.zupa-leopold-mandic.hr\/index.php?rest_route=\/wp\/v2\/pages\/3348","targetHints":{"allow":["GET"]}}],"collection":[{"href":"https:\/\/www.zupa-leopold-mandic.hr\/index.php?rest_route=\/wp\/v2\/pages"}],"about":[{"href":"https:\/\/www.zupa-leopold-mandic.hr\/index.php?rest_route=\/wp\/v2\/types\/page"}],"author":[{"embeddable":true,"href":"https:\/\/www.zupa-leopold-mandic.hr\/index.php?rest_route=\/wp\/v2\/users\/1"}],"replies":[{"embeddable":true,"href":"https:\/\/www.zupa-leopold-mandic.hr\/index.php?rest_route=%2Fwp%2Fv2%2Fcomments&post=3348"}],"version-history":[{"count":10,"href":"https:\/\/www.zupa-leopold-mandic.hr\/index.php?rest_route=\/wp\/v2\/pages\/3348\/revisions"}],"predecessor-version":[{"id":3389,"href":"https:\/\/www.zupa-leopold-mandic.hr\/index.php?rest_route=\/wp\/v2\/pages\/3348\/revisions\/3389"}],"wp:attachment":[{"href":"https:\/\/www.zupa-leopold-mandic.hr\/index.php?rest_route=%2Fwp%2Fv2%2Fmedia&parent=3348"}],"curies":[{"name":"wp","href":"https:\/\/api.w.org\/{rel}","templated":true}]}}